{"id":358,"date":"2024-05-13T13:50:01","date_gmt":"2024-05-13T13:50:01","guid":{"rendered":"https:\/\/sfarquitetos.com\/pt\/?page_id=358"},"modified":"2024-05-13T14:47:04","modified_gmt":"2024-05-13T14:47:04","slug":"casa-chanceleiros","status":"publish","type":"page","link":"https:\/\/sfarquitetos.com\/pt\/casa-chanceleiros\/","title":{"rendered":"Casa Chanceleiros"},"content":{"rendered":"<section class=\"wpb-content-wrapper\">[vc_row][vc_column][vc_column_text][\/vc_column_text][\/vc_column][\/vc_row][mk_page_section][vc_column][mk_gallery images=&#8221;365,366,368,367,369,370,371,372,373,374&#8243; style=&#8221;style1&#8243; item_spacing=&#8221;1&#8243; margin_bottom=&#8221;1&#8243;][\/vc_column][\/mk_page_section][vc_row][vc_column][vc_column_text][vc_row][vc_column width=&#8221;1\/1&#8243;][vc_column_text]\n[\/vc_column_text][\/vc_column][\/vc_row][mk_page_section padding_top=&#8221;100&#8243; top_shape_bg_color=&#8221;#6b6b6b&#8221; sidebar=&#8221;sidebar-1&#8243;][vc_column width=&#8221;2\/3&#8243;][mk_fancy_title color=&#8221;#0a0a0a&#8221; size=&#8221;35&#8243; font_weight=&#8221;400&#8243; margin_bottom=&#8221;0&#8243; font_family=&#8221;none&#8221;]\n<p>Casa Chanceleiros<\/p>\n[\/mk_fancy_title][mk_fancy_title color=&#8221;#0a0a0a&#8221; size=&#8221;15&#8243; font_weight=&#8221;400&#8243; txt_transform=&#8221;uppercase&#8221; font_family=&#8221;none&#8221;]Moradia unifamiliar T3 \/ Vila Real \/ 31 de Janeiro, 2023[\/mk_fancy_title][vc_column_text css=&#8221;.vc_custom_1697535729655{margin-bottom: 0px !important;}&#8221;]A Casa\u00a0MP \u00e9 uma resid\u00eancia projetada para uma nova fam\u00edlia na freguesia de Andr\u00e3es, concelho de\u00a0Vila Real, em\u00a0Portugal, O\u00a0conceito do projeto come\u00e7ou a partir do estudo do local e da sua hist\u00f3ria, bem como da analise da envolvente e caracter\u00edsticas do terreno, o que permitiu entender, as alturas dos edif\u00edcios vizinhos e as vistas a Poente, possibilitando prever o local exato de cada uma das fun\u00e7\u00f5es da casa. Tendo em conta essas premissas, optou-se por organizar a moradia em\u00a0dois pisos, em que no piso inferior se\u00a0localiza a garagem e todas as zonas de apoio, sendo que no piso superior\u00a0se desenvolve toda a habita\u00e7\u00e3o onde se situam tr\u00eas dormit\u00f3rios, sendo um deles o quarto principal,\u00a0 instala\u00e7\u00f5es sanit\u00e1rias\u00a0e a cozinha, a salas de refei\u00e7\u00f5es e de estar em open space.[\/vc_column_text][\/vc_column][vc_column width=&#8221;1\/3&#8243;][vc_empty_space height=&#8221;64px&#8221;][mk_fancy_title color=&#8221;#0a0a0a&#8221; size=&#8221;15&#8243; font_weight=&#8221;400&#8243; txt_transform=&#8221;uppercase&#8221; font_family=&#8221;none&#8221;]FICHA T\u00c9CNICA[\/mk_fancy_title][vc_column_text disable_pattern=&#8221;false&#8221; css=&#8221;.vc_custom_1697535684469{margin-bottom: 0px !important;}&#8221;]<strong>PROJETO<\/strong> \/ Casa Chanceleiros <strong>LOCALIZA\u00c7\u00c3O<\/strong> \/ ANDR\u00c3ES, VILA REAL <strong>ARQUITECTURA<\/strong> \/ SFA &#8211; S\u00c9RGIO FERREIRA ARQUITETOS <strong>ARQUITETO RESPONS\u00c1VEL<\/strong> \/ S\u00c9RGIO FERREIRA <strong>CONSTRUTOR<\/strong> \/ CCR CONSTRU\u00c7\u00d5ES <strong>ANO DE CONSTRU\u00c7\u00c3O<\/strong> \/ 2018[\/vc_column_text][\/vc_column][\/mk_page_section][vc_row][vc_column][vc_column_text][\/vc_column_text][\/vc_column][\/vc_row][mk_page_section padding_top=&#8221;50&#8243; padding_bottom=&#8221;200&#8243; sidebar=&#8221;sidebar-1&#8243;][vc_column][mk_image_switch src_first=&#8221;https:\/\/sfarquitetos.zoominstudio.pt\/dev\/wp-content\/uploads\/2023\/10\/botao_back_1-1.jpg&#8221; src_second=&#8221;https:\/\/sfarquitetos.zoominstudio.pt\/dev\/wp-content\/uploads\/2023\/10\/botao_back_2-1.jpg&#8221; image_width=&#8221;150&#8243; image_height=&#8221;150&#8243; crop=&#8221;false&#8221; link=&#8221;url:https%3A%2F%2Fsfarquitetos.com%2Fpt%2F%23projetos&#8221;][\/vc_column][\/mk_page_section][vc_row][vc_column][vc_column_text][\/vc_column_text][\/vc_column][\/vc_row]\n<\/section>","protected":false},"excerpt":{"rendered":"<p>[vc_row][vc_column][vc_column_text][\/vc_column_text][\/vc_column][\/vc_row][mk_page_section][vc_column][mk_gallery images=&#8221;365,366,368,367,369,370,371,372,373,374&#8243; style=&#8221;style1&#8243; item_spacing=&#8221;1&#8243; margin_bottom=&#8221;1&#8243;][\/vc_column][\/mk_page_section][vc_row][vc_column][vc_column_text][vc_row][vc_column width=&#8221;1\/1&#8243;][vc_column_text] [\/vc_column_text][\/vc_column][\/vc_row][mk_page_section padding_top=&#8221;100&#8243; top_shape_bg_color=&#8221;#6b6b6b&#8221; sidebar=&#8221;sidebar-1&#8243;][vc_column width=&#8221;2\/3&#8243;][mk_fancy_title color=&#8221;#0a0a0a&#8221; size=&#8221;35&#8243; font_weight=&#8221;400&#8243; margin_bottom=&#8221;0&#8243; font_family=&#8221;none&#8221;] Casa Chanceleiros [\/mk_fancy_title][mk_fancy_title color=&#8221;#0a0a0a&#8221; size=&#8221;15&#8243; font_weight=&#8221;400&#8243; txt_transform=&#8221;uppercase&#8221; font_family=&#8221;none&#8221;]Moradia unifamiliar T3 \/ Vila Real \/ 31 de Janeiro, 2023[\/mk_fancy_title][vc_column_text css=&#8221;.vc_custom_1697535729655{margin-bottom: 0px !important;}&#8221;]A Casa\u00a0MP \u00e9 uma resid\u00eancia projetada para uma nova fam\u00edlia na freguesia de Andr\u00e3es, concelho de\u00a0Vila Real, em\u00a0Portugal, O\u00a0conceito [&hellip;]<\/p>\n","protected":false},"author":1,"featured_media":0,"parent":0,"menu_order":0,"comment_status":"closed","ping_status":"closed","template":"","meta":{"footnotes":""},"class_list":["post-358","page","type-page","status-publish","hentry"],"_links":{"self":[{"href":"https:\/\/sfarquitetos.com\/pt\/wp-json\/wp\/v2\/pages\/358","targetHints":{"allow":["GET"]}}],"collection":[{"href":"https:\/\/sfarquitetos.com\/pt\/wp-json\/wp\/v2\/pages"}],"about":[{"href":"https:\/\/sfarquitetos.com\/pt\/wp-json\/wp\/v2\/types\/page"}],"author":[{"embeddable":true,"href":"https:\/\/sfarquitetos.com\/pt\/wp-json\/wp\/v2\/users\/1"}],"replies":[{"embeddable":true,"href":"https:\/\/sfarquitetos.com\/pt\/wp-json\/wp\/v2\/comments?post=358"}],"version-history":[{"count":5,"href":"https:\/\/sfarquitetos.com\/pt\/wp-json\/wp\/v2\/pages\/358\/revisions"}],"predecessor-version":[{"id":400,"href":"https:\/\/sfarquitetos.com\/pt\/wp-json\/wp\/v2\/pages\/358\/revisions\/400"}],"wp:attachment":[{"href":"https:\/\/sfarquitetos.com\/pt\/wp-json\/wp\/v2\/media?parent=358"}],"curies":[{"name":"wp","href":"https:\/\/api.w.org\/{rel}","templated":true}]}}