{"id":421,"date":"2024-05-13T14:33:48","date_gmt":"2024-05-13T14:33:48","guid":{"rendered":"https:\/\/sfarquitetos.com\/pt\/?page_id=421"},"modified":"2024-05-13T15:07:28","modified_gmt":"2024-05-13T15:07:28","slug":"casa-comporta","status":"publish","type":"page","link":"https:\/\/sfarquitetos.com\/pt\/casa-comporta\/","title":{"rendered":"Casa Costeirinha"},"content":{"rendered":"<section class=\"wpb-content-wrapper\">[vc_row][vc_column][vc_column_text][\/vc_column_text][\/vc_column][\/vc_row][mk_page_section][vc_column][mk_gallery images=&#8221;412,468,481,482,479,480,477,478,469,470,475,476,472,471,473,474,483,484&#8243; style=&#8221;style1&#8243; item_spacing=&#8221;1&#8243; margin_bottom=&#8221;1&#8243;][\/vc_column][\/mk_page_section][vc_row][vc_column][vc_column_text][vc_row][vc_column width=&#8221;1\/1&#8243;][vc_column_text][\/vc_column_text][\/vc_column][\/vc_row][mk_page_section padding_top=&#8221;100&#8243; top_shape_bg_color=&#8221;#6b6b6b&#8221; sidebar=&#8221;sidebar-1&#8243;][vc_column width=&#8221;2\/3&#8243;][mk_fancy_title color=&#8221;#0a0a0a&#8221; size=&#8221;35&#8243; font_weight=&#8221;400&#8243; margin_bottom=&#8221;0&#8243; font_family=&#8221;none&#8221;]\r\n<p>CASA COSTEIRINHA<\/p>\r\n[\/mk_fancy_title][mk_fancy_title color=&#8221;#0a0a0a&#8221; size=&#8221;15&#8243; font_weight=&#8221;400&#8243; txt_transform=&#8221;uppercase&#8221; font_family=&#8221;none&#8221;]Habita\u00e7\u00e3o unifamiliar \/ Vila Real \/ 15 de Dezembro, 2021[\/mk_fancy_title][vc_column_text css=&#8221;.vc_custom_1715611688830{margin-bottom: 0px !important;}&#8221;]\r\n<p>Adicionar descri\u00e7\u00e3o<\/p>\r\n[\/vc_column_text][\/vc_column][vc_column width=&#8221;1\/3&#8243;][vc_empty_space height=&#8221;64px&#8221;][mk_fancy_title color=&#8221;#0a0a0a&#8221; size=&#8221;15&#8243; font_weight=&#8221;400&#8243; txt_transform=&#8221;uppercase&#8221; font_family=&#8221;none&#8221;]FICHA T\u00c9CNICA[\/mk_fancy_title][vc_column_text disable_pattern=&#8221;false&#8221; css=&#8221;.vc_custom_1715611677475{margin-bottom: 0px !important;}&#8221;]\r\n<p><strong>PROJETO<\/strong> \/ CASA COSTEIRINHA<br \/><strong>LOCALIZA\u00c7\u00c3O<\/strong> \/\u00a0<br \/><strong>ARQUITECTURA<\/strong> \/ SFA &#8211; S\u00c9RGIO FERREIRA ARQUITETOS<br \/><strong>ARQUITETO RESPONS\u00c1VEL<\/strong> \/ S\u00c9RGIO FERREIRA<br \/><strong>\u00c1REA BRUTA DE CONSTRU\u00c7\u00c3O<\/strong> \/\u00a0<br \/><strong>ANO DE CONSTRU\u00c7\u00c3O<\/strong> \/\u00a0<\/p>\r\n[\/vc_column_text][\/vc_column][\/mk_page_section][vc_row][vc_column][vc_column_text][\/vc_column_text][\/vc_column][\/vc_row][mk_page_section padding_top=&#8221;50&#8243; padding_bottom=&#8221;200&#8243; sidebar=&#8221;sidebar-1&#8243;][vc_column][mk_image_switch src_first=&#8221;https:\/\/sfarquitetos.com\/pt\/wp-content\/uploads\/2023\/10\/botao_back_1-1.jpg&#8221; src_second=&#8221;https:\/\/sfarquitetos.com\/pt\/wp-content\/uploads\/2023\/10\/botao_back_2-1.jpg&#8221; image_width=&#8221;150&#8243; image_height=&#8221;150&#8243; crop=&#8221;false&#8221; link=&#8221;url:https%3A%2F%2Fsfarquitetos.com%2Fpt%2F%23projetos&#8221;][\/vc_column][\/mk_page_section][vc_row][vc_column][vc_column_text][\/vc_column_text][\/vc_column][\/vc_row]<\/section>","protected":false},"excerpt":{"rendered":"<p>[vc_row][vc_column][vc_column_text][\/vc_column_text][\/vc_column][\/vc_row][mk_page_section][vc_column][mk_gallery images=&#8221;412,468,481,482,479,480,477,478,469,470,475,476,472,471,473,474,483,484&#8243; style=&#8221;style1&#8243; item_spacing=&#8221;1&#8243; margin_bottom=&#8221;1&#8243;][\/vc_column][\/mk_page_section][vc_row][vc_column][vc_column_text][vc_row][vc_column width=&#8221;1\/1&#8243;][vc_column_text][\/vc_column_text][\/vc_column][\/vc_row][mk_page_section padding_top=&#8221;100&#8243; top_shape_bg_color=&#8221;#6b6b6b&#8221; sidebar=&#8221;sidebar-1&#8243;][vc_column width=&#8221;2\/3&#8243;][mk_fancy_title color=&#8221;#0a0a0a&#8221; size=&#8221;35&#8243; font_weight=&#8221;400&#8243; margin_bottom=&#8221;0&#8243; font_family=&#8221;none&#8221;] CASA COSTEIRINHA [\/mk_fancy_title][mk_fancy_title color=&#8221;#0a0a0a&#8221; size=&#8221;15&#8243; font_weight=&#8221;400&#8243; txt_transform=&#8221;uppercase&#8221; font_family=&#8221;none&#8221;]Habita\u00e7\u00e3o unifamiliar \/ Vila Real \/ 15 de Dezembro, 2021[\/mk_fancy_title][vc_column_text css=&#8221;.vc_custom_1715611688830{margin-bottom: 0px !important;}&#8221;] Adicionar descri\u00e7\u00e3o [\/vc_column_text][\/vc_column][vc_column width=&#8221;1\/3&#8243;][vc_empty_space height=&#8221;64px&#8221;][mk_fancy_title color=&#8221;#0a0a0a&#8221; size=&#8221;15&#8243; font_weight=&#8221;400&#8243; txt_transform=&#8221;uppercase&#8221; font_family=&#8221;none&#8221;]FICHA T\u00c9CNICA[\/mk_fancy_title][vc_column_text disable_pattern=&#8221;false&#8221; css=&#8221;.vc_custom_1715611677475{margin-bottom: 0px !important;}&#8221;] PROJETO \/ CASA COSTEIRINHALOCALIZA\u00c7\u00c3O \/\u00a0ARQUITECTURA [&hellip;]<\/p>\n","protected":false},"author":1,"featured_media":0,"parent":0,"menu_order":0,"comment_status":"closed","ping_status":"closed","template":"","meta":{"footnotes":""},"class_list":["post-421","page","type-page","status-publish","hentry"],"_links":{"self":[{"href":"https:\/\/sfarquitetos.com\/pt\/wp-json\/wp\/v2\/pages\/421","targetHints":{"allow":["GET"]}}],"collection":[{"href":"https:\/\/sfarquitetos.com\/pt\/wp-json\/wp\/v2\/pages"}],"about":[{"href":"https:\/\/sfarquitetos.com\/pt\/wp-json\/wp\/v2\/types\/page"}],"author":[{"embeddable":true,"href":"https:\/\/sfarquitetos.com\/pt\/wp-json\/wp\/v2\/users\/1"}],"replies":[{"embeddable":true,"href":"https:\/\/sfarquitetos.com\/pt\/wp-json\/wp\/v2\/comments?post=421"}],"version-history":[{"count":7,"href":"https:\/\/sfarquitetos.com\/pt\/wp-json\/wp\/v2\/pages\/421\/revisions"}],"predecessor-version":[{"id":532,"href":"https:\/\/sfarquitetos.com\/pt\/wp-json\/wp\/v2\/pages\/421\/revisions\/532"}],"wp:attachment":[{"href":"https:\/\/sfarquitetos.com\/pt\/wp-json\/wp\/v2\/media?parent=421"}],"curies":[{"name":"wp","href":"https:\/\/api.w.org\/{rel}","templated":true}]}}